{"id":150,"date":"2025-04-07T17:07:45","date_gmt":"2025-04-07T15:07:45","guid":{"rendered":"https:\/\/www.dev-sli.fr\/avocat-garnier\/?page_id=150"},"modified":"2025-08-01T10:04:11","modified_gmt":"2025-08-01T08:04:11","slug":"accueil","status":"publish","type":"page","link":"https:\/\/www.dev-sli.fr\/avocat-garnier\/","title":{"rendered":"Accueil"},"content":{"rendered":"\t\t<div data-elementor-type=\"wp-page\" data-elementor-id=\"150\" class=\"elementor elementor-150\">\n\t\t\t\t<div class=\"elementor-element elementor-element-4d4ec5a e-con-full e-grid e-con e-parent\" data-id=\"4d4ec5a\" data-element_type=\"container\">\n\t\t\t\t<div class=\"elementor-element elementor-element-dae1baf elementor-widget__width-auto elementor-invisible elementor-widget elementor-widget-image\" data-id=\"dae1baf\" data-element_type=\"widget\" data-settings=\"{&quot;_animation&quot;:&quot;slideInDown&quot;}\" data-widget_type=\"image.default\">\n\t\t\t\t<div class=\"elementor-widget-container\">\n\t\t\t\t\t\t\t\t\t\t\t\t\t\t\t<img fetchpriority=\"high\" decoding=\"async\" width=\"1920\" height=\"1280\" src=\"https:\/\/www.dev-sli.fr\/avocat-garnier\/wp-content\/uploads\/2025\/04\/37200-1.jpg\" class=\"attachment-2048x2048 size-2048x2048 wp-image-210\" alt=\"\" srcset=\"https:\/\/www.dev-sli.fr\/avocat-garnier\/wp-content\/uploads\/2025\/04\/37200-1.jpg 1920w, https:\/\/www.dev-sli.fr\/avocat-garnier\/wp-content\/uploads\/2025\/04\/37200-1-300x200.jpg 300w, https:\/\/www.dev-sli.fr\/avocat-garnier\/wp-content\/uploads\/2025\/04\/37200-1-1024x683.jpg 1024w, https:\/\/www.dev-sli.fr\/avocat-garnier\/wp-content\/uploads\/2025\/04\/37200-1-768x512.jpg 768w, https:\/\/www.dev-sli.fr\/avocat-garnier\/wp-content\/uploads\/2025\/04\/37200-1-1536x1024.jpg 1536w\" sizes=\"(max-width: 1920px) 100vw, 1920px\" \/>\t\t\t\t\t\t\t\t\t\t\t\t\t\t\t<\/div>\n\t\t\t\t<\/div>\n\t\t\t\t<div class=\"elementor-element elementor-element-a47cf64 animated-fast elementor-widget elementor-widget-heading\" data-id=\"a47cf64\" data-element_type=\"widget\" data-settings=\"{&quot;_animation&quot;:&quot;none&quot;,&quot;_animation_delay&quot;:0}\" data-widget_type=\"heading.default\">\n\t\t\t\t<div class=\"elementor-widget-container\">\n\t\t\t\t\t<h2 class=\"elementor-heading-title elementor-size-default\">Une question ?<\/h2>\t\t\t\t<\/div>\n\t\t\t\t<\/div>\n\t\t\t\t<div class=\"elementor-element elementor-element-b888651 animated-fast elementor-widget elementor-widget-text-editor\" data-id=\"b888651\" data-element_type=\"widget\" data-settings=\"{&quot;_animation&quot;:&quot;none&quot;,&quot;_animation_delay&quot;:0}\" data-widget_type=\"text-editor.default\">\n\t\t\t\t<div class=\"elementor-widget-container\">\n\t\t\t\t\t\t\t\t\t<p><a href=\"https:\/\/www.dev-sli.fr\/avocat-garnier\/contact\/\"><em>\u00a0Contactez-nous\u00a0<\/em><\/a><\/p>\t\t\t\t\t\t\t\t<\/div>\n\t\t\t\t<\/div>\n\t\t\t\t<div class=\"elementor-element elementor-element-27bb0b5 animated-fast elementor-widget elementor-widget-text-editor\" data-id=\"27bb0b5\" data-element_type=\"widget\" data-settings=\"{&quot;_animation&quot;:&quot;none&quot;,&quot;_animation_delay&quot;:0}\" data-widget_type=\"text-editor.default\">\n\t\t\t\t<div class=\"elementor-widget-container\">\n\t\t\t\t\t\t\t\t\t<p>04 50 35 33 33<\/p>\t\t\t\t\t\t\t\t<\/div>\n\t\t\t\t<\/div>\n\t\t\t\t<\/div>\n\t\t<div class=\"elementor-element elementor-element-24bc7a0 e-flex e-con-boxed e-con e-parent\" data-id=\"24bc7a0\" data-element_type=\"container\">\n\t\t\t\t\t<div class=\"e-con-inner\">\n\t\t<div class=\"elementor-element elementor-element-ad092c4 e-con-full e-flex e-con e-child\" data-id=\"ad092c4\" data-element_type=\"container\">\n\t\t\t\t<div class=\"elementor-element elementor-element-ecba5fb elementor-invisible elementor-widget elementor-widget-heading\" data-id=\"ecba5fb\" data-element_type=\"widget\" data-settings=\"{&quot;_animation&quot;:&quot;bounceInDown&quot;}\" data-widget_type=\"heading.default\">\n\t\t\t\t<div class=\"elementor-widget-container\">\n\t\t\t\t\t<h2 class=\"elementor-heading-title elementor-size-default\">Ma\u00eetre Fran\u00e7ois-Philippe Garnier, votre avocat \u00e0 Saint-Julien-en-Genevois et Frangy (74)<\/h2>\t\t\t\t<\/div>\n\t\t\t\t<\/div>\n\t\t\t\t<div class=\"elementor-element elementor-element-8a769bc elementor-invisible elementor-widget elementor-widget-text-editor\" data-id=\"8a769bc\" data-element_type=\"widget\" data-settings=\"{&quot;_animation&quot;:&quot;bounceInLeft&quot;,&quot;_animation_delay&quot;:0}\" data-widget_type=\"text-editor.default\">\n\t\t\t\t<div class=\"elementor-widget-container\">\n\t\t\t\t\t\t\t\t\t<div class=\"wpb_text_column wpb_content_element wpb_animate_when_almost_visible wpb_top-to-bottom top-to-bottom wpb_start_animation animated\"><div class=\"wpb_wrapper\"><p>Bienvenue au cabinet de Ma\u00eetre Fran\u00e7ois-Philippe GARNIER.<\/p><p>Ma\u00eetre Fran\u00e7ois-Philippe GARNIER est \u00e0 m\u00eame de vous recevoir \u00e0 son bureau de Saint-Julien-en-Genevois ou de Frangy, tous deux situ\u00e9s en Haute-Savoie.<\/p><p>Inscrits au barreau de Thonon-les-Bains et aupr\u00e8s de la Cour d\u2019Appel de Chamb\u00e9ry, Ma\u00eetre Fran\u00e7ois-Philippe GARNIER et toute son \u00e9quipe \u00a0vous assisteront dans toutes vos d\u00e9marches judiciaires.<\/p><p>Nous intervenons aimablement, en precontentieux ou devant les juridictions , dans les domaines du droit de la famille, copropri\u00e9t\u00e9, promotion immobili\u00e8re, bail d&rsquo;habitation, bail commercial, servitudes, ainsi qu\u2019en droit des affaires ou droit du travail et enfin en droit administratif et de l&rsquo;urbanisme. Notre expertise nous permet de d\u00e9fendre vos droits en cas <strong>de divorce,<\/strong> concubinage, s\u00e9paration, de partage des biens, de conflits, lors d\u2019une <strong>succession<\/strong>, etc.<\/p><\/div><\/div>\t\t\t\t\t\t\t\t<\/div>\n\t\t\t\t<\/div>\n\t\t\t\t<\/div>\n\t\t<div class=\"elementor-element elementor-element-0df2a9e e-con-full e-flex e-con e-child\" data-id=\"0df2a9e\" data-element_type=\"container\">\n\t\t<div class=\"elementor-element elementor-element-c70a631 e-con-full e-flex e-con e-child\" data-id=\"c70a631\" data-element_type=\"container\">\n\t\t\t\t<div class=\"elementor-element elementor-element-a2e5fb9 elementor-widget elementor-widget-text-editor\" data-id=\"a2e5fb9\" data-element_type=\"widget\" data-widget_type=\"text-editor.default\">\n\t\t\t\t<div class=\"elementor-widget-container\">\n\t\t\t\t\t\t\t\t\t<p>\u00c0 l\u2019\u00e9coute de vos besoins et toujours disponibles, nous mettons toutes <a href=\"https:\/\/www.dev-sli.fr\/avocat-garnier\/#nos-competences\">nos comp\u00e9tences<\/a> \u00e0 votre service pour <strong>la<\/strong> <strong>d\u00e9fense de vos droits<\/strong> en vous recevant dans <a href=\"https:\/\/www.dev-sli.fr\/avocat-garnier\/le-cabinet\/\">l\u2019un de nos cabinets<\/a> pour une analyse s\u00e9rieuse et approfondie de votre situation, m\u00eame en cas d\u2019urgence.<\/p>\t\t\t\t\t\t\t\t<\/div>\n\t\t\t\t<\/div>\n\t\t\t\t<\/div>\n\t\t<div class=\"elementor-element elementor-element-c2d05a1 e-con-full e-flex e-con e-child\" data-id=\"c2d05a1\" data-element_type=\"container\">\n\t\t\t\t<div class=\"elementor-element elementor-element-9cbc456 elementor-widget elementor-widget-image\" data-id=\"9cbc456\" data-element_type=\"widget\" data-widget_type=\"image.default\">\n\t\t\t\t<div class=\"elementor-widget-container\">\n\t\t\t\t\t\t\t\t\t\t\t\t\t\t\t<img decoding=\"async\" width=\"500\" height=\"333\" src=\"https:\/\/www.dev-sli.fr\/avocat-garnier\/wp-content\/uploads\/2025\/04\/image_1.jpg\" class=\"attachment-large size-large wp-image-381\" alt=\"\" srcset=\"https:\/\/www.dev-sli.fr\/avocat-garnier\/wp-content\/uploads\/2025\/04\/image_1.jpg 500w, https:\/\/www.dev-sli.fr\/avocat-garnier\/wp-content\/uploads\/2025\/04\/image_1-300x200.jpg 300w\" sizes=\"(max-width: 500px) 100vw, 500px\" \/>\t\t\t\t\t\t\t\t\t\t\t\t\t\t\t<\/div>\n\t\t\t\t<\/div>\n\t\t\t\t<\/div>\n\t\t\t\t<\/div>\n\t\t\t\t\t<\/div>\n\t\t\t\t<\/div>\n\t\t<div class=\"elementor-element elementor-element-7dcf199 e-con-full e-flex e-con e-parent\" data-id=\"7dcf199\" data-element_type=\"container\" data-settings=\"{&quot;background_background&quot;:&quot;classic&quot;}\">\n\t\t\t\t<div class=\"elementor-element elementor-element-dd099f6 elementor-widget elementor-widget-image-gallery\" data-id=\"dd099f6\" data-element_type=\"widget\" data-widget_type=\"image-gallery.default\">\n\t\t\t\t<div class=\"elementor-widget-container\">\n\t\t\t\t\t\t\t<div class=\"elementor-image-gallery\">\n\t\t\t<div id='gallery-1' class='gallery galleryid-150 gallery-columns-3 gallery-size-medium_large'><figure class='gallery-item'>\n\t\t\t<div class='gallery-icon landscape'>\n\t\t\t\t<a data-elementor-open-lightbox=\"yes\" data-elementor-lightbox-slideshow=\"dd099f6\" data-elementor-lightbox-title=\"maitre-photo-trombinoscope-4\" data-e-action-hash=\"#elementor-action%3Aaction%3Dlightbox%26settings%3DeyJpZCI6NDUzLCJ1cmwiOiJodHRwczpcL1wvd3d3LmRldi1zbGkuZnJcL2F2b2NhdC1nYXJuaWVyXC93cC1jb250ZW50XC91cGxvYWRzXC8yMDI1XC8wNFwvbWFpdHJlLXBob3RvLXRyb21iaW5vc2NvcGUtNC5qcGciLCJzbGlkZXNob3ciOiJkZDA5OWY2In0%3D\" href='https:\/\/www.dev-sli.fr\/avocat-garnier\/wp-content\/uploads\/2025\/04\/maitre-photo-trombinoscope-4.jpg'><img decoding=\"async\" width=\"726\" height=\"470\" src=\"https:\/\/www.dev-sli.fr\/avocat-garnier\/wp-content\/uploads\/2025\/04\/maitre-photo-trombinoscope-4.jpg\" class=\"attachment-medium_large size-medium_large\" alt=\"\" srcset=\"https:\/\/www.dev-sli.fr\/avocat-garnier\/wp-content\/uploads\/2025\/04\/maitre-photo-trombinoscope-4.jpg 726w, https:\/\/www.dev-sli.fr\/avocat-garnier\/wp-content\/uploads\/2025\/04\/maitre-photo-trombinoscope-4-300x194.jpg 300w\" sizes=\"(max-width: 726px) 100vw, 726px\" \/><\/a>\n\t\t\t<\/div><\/figure><figure class='gallery-item'>\n\t\t\t<div class='gallery-icon landscape'>\n\t\t\t\t<a data-elementor-open-lightbox=\"yes\" data-elementor-lightbox-slideshow=\"dd099f6\" data-elementor-lightbox-title=\"cabinet-de-saint-julien-1-1_BW_MOD1\" data-e-action-hash=\"#elementor-action%3Aaction%3Dlightbox%26settings%3DeyJpZCI6NDczLCJ1cmwiOiJodHRwczpcL1wvd3d3LmRldi1zbGkuZnJcL2F2b2NhdC1nYXJuaWVyXC93cC1jb250ZW50XC91cGxvYWRzXC8yMDI1XC8wNFwvY2FiaW5ldC1kZS1zYWludC1qdWxpZW4tMS0xX0JXX01PRDEuanBnIiwic2xpZGVzaG93IjoiZGQwOTlmNiJ9\" href='https:\/\/www.dev-sli.fr\/avocat-garnier\/wp-content\/uploads\/2025\/04\/cabinet-de-saint-julien-1-1_BW_MOD1.jpg'><img loading=\"lazy\" decoding=\"async\" width=\"726\" height=\"470\" src=\"https:\/\/www.dev-sli.fr\/avocat-garnier\/wp-content\/uploads\/2025\/04\/cabinet-de-saint-julien-1-1_BW_MOD1.jpg\" class=\"attachment-medium_large size-medium_large\" alt=\"\" srcset=\"https:\/\/www.dev-sli.fr\/avocat-garnier\/wp-content\/uploads\/2025\/04\/cabinet-de-saint-julien-1-1_BW_MOD1.jpg 726w, https:\/\/www.dev-sli.fr\/avocat-garnier\/wp-content\/uploads\/2025\/04\/cabinet-de-saint-julien-1-1_BW_MOD1-300x194.jpg 300w\" sizes=\"(max-width: 726px) 100vw, 726px\" \/><\/a>\n\t\t\t<\/div><\/figure><figure class='gallery-item'>\n\t\t\t<div class='gallery-icon landscape'>\n\t\t\t\t<a data-elementor-open-lightbox=\"yes\" data-elementor-lightbox-slideshow=\"dd099f6\" data-elementor-lightbox-title=\"maitre-photo-trombinoscope-1\" data-e-action-hash=\"#elementor-action%3Aaction%3Dlightbox%26settings%3DeyJpZCI6NDU0LCJ1cmwiOiJodHRwczpcL1wvd3d3LmRldi1zbGkuZnJcL2F2b2NhdC1nYXJuaWVyXC93cC1jb250ZW50XC91cGxvYWRzXC8yMDI1XC8wNFwvbWFpdHJlLXBob3RvLXRyb21iaW5vc2NvcGUtMS5qcGciLCJzbGlkZXNob3ciOiJkZDA5OWY2In0%3D\" href='https:\/\/www.dev-sli.fr\/avocat-garnier\/wp-content\/uploads\/2025\/04\/maitre-photo-trombinoscope-1.jpg'><img loading=\"lazy\" decoding=\"async\" width=\"726\" height=\"470\" src=\"https:\/\/www.dev-sli.fr\/avocat-garnier\/wp-content\/uploads\/2025\/04\/maitre-photo-trombinoscope-1.jpg\" class=\"attachment-medium_large size-medium_large\" alt=\"\" srcset=\"https:\/\/www.dev-sli.fr\/avocat-garnier\/wp-content\/uploads\/2025\/04\/maitre-photo-trombinoscope-1.jpg 726w, https:\/\/www.dev-sli.fr\/avocat-garnier\/wp-content\/uploads\/2025\/04\/maitre-photo-trombinoscope-1-300x194.jpg 300w\" sizes=\"(max-width: 726px) 100vw, 726px\" \/><\/a>\n\t\t\t<\/div><\/figure>\n\t\t<\/div>\n\t\t<\/div>\n\t\t\t\t\t\t<\/div>\n\t\t\t\t<\/div>\n\t\t\t\t<div class=\"elementor-element elementor-element-bb4897c elementor-widget__width-initial elementor-widget elementor-widget-text-editor\" data-id=\"bb4897c\" data-element_type=\"widget\" data-widget_type=\"text-editor.default\">\n\t\t\t\t<div class=\"elementor-widget-container\">\n\t\t\t\t\t\t\t\t\t<div class=\"column-1 wpb_column vc_column_container vc_col-sm-12\"><div class=\"vc_column-inner\"><div class=\"wpb_wrapper\"><div class=\"wpb_text_column wpb_content_element wpb_animate_when_almost_visible wpb_appear appear dark wpb_start_animation animated\"><div class=\"wpb_wrapper\"><h2><strong>Avocat \u00e0 votre \u00e9coute dans divers domaines de comp\u00e9tences<\/strong><\/h2><p>\u00a0<\/p><\/div><\/div><div class=\"wpb_text_column wpb_content_element wpb_animate_when_almost_visible wpb_appear appear dark wpb_start_animation animated\"><div class=\"wpb_wrapper\"><p>Ma\u00eetre Fran\u00e7ois-Philippe Garnier met tout <strong>son savoir-faire et ses comp\u00e9tences \u00e0 votre service<\/strong>, afin de vous assister et de vous conseiller dans diff\u00e9rents domaines d\u2019activit\u00e9s trait\u00e9s par le cabinet.<\/p><p>Forts de notre exp\u00e9rience, <strong>nous traitons tous les types d\u2019affaires<\/strong> (civiles, p\u00e9nales, commerciales, sociales\u2026) en prenant soin de vous \u00e9couter et en travaillant <strong>avec<\/strong> <strong>rigueur et s\u00e9rieux.<\/strong><\/p><p><strong>Nous sommes \u00e0 la disposition des particuliers comme des professionnels, des administrations, des collectivit\u00e9s, des associations ou encore des organismes institutionnels.<\/strong><\/p><p>Alors pour tout<strong> renseignement suppl\u00e9mentaire<\/strong>, <span style=\"text-decoration: underline;\"><a href=\"https:\/\/www.dev-sli.fr\/avocat-garnier\/contact\/\">contactez<\/a><\/span> Ma\u00eetre Fran\u00e7ois-Philippe Garnier et toute son \u00e9quipe.<\/p><\/div><\/div><\/div><\/div><\/div>\t\t\t\t\t\t\t\t<\/div>\n\t\t\t\t<\/div>\n\t\t\t\t<\/div>\n\t\t<div class=\"elementor-element elementor-element-844a7a2 e-flex e-con-boxed e-con e-parent\" data-id=\"844a7a2\" data-element_type=\"container\" id=\"nos-competences\">\n\t\t\t\t\t<div class=\"e-con-inner\">\n\t\t<div class=\"elementor-element elementor-element-bc2409a e-grid e-con-full e-con e-child\" data-id=\"bc2409a\" data-element_type=\"container\">\n\t\t<div class=\"elementor-element elementor-element-3af3702 e-con-full e-flex e-con e-child\" data-id=\"3af3702\" data-element_type=\"container\">\n\t\t<a class=\"eael-wrapper-link-4e459d6 --eael-wrapper-link-tag\" href=\"https:\/\/www.dev-sli.fr\/avocat-garnier\/droit-des-personnes-et-de-la-famille\/\"><\/a><div data-eael-wrapper-link=\"eael-wrapper-link-4e459d6\" class=\"elementor-element elementor-element-4e459d6 e-con-full e-flex e-con e-child\" data-id=\"4e459d6\" data-element_type=\"container\">\n\t\t\t\t<div class=\"elementor-element elementor-element-ffa1b49 elementor-widget elementor-widget-image\" data-id=\"ffa1b49\" data-element_type=\"widget\" data-widget_type=\"image.default\">\n\t\t\t\t<div class=\"elementor-widget-container\">\n\t\t\t\t\t\t\t\t\t\t\t\t\t\t\t<img decoding=\"async\" src=\"https:\/\/www.dev-sli.fr\/avocat-garnier\/wp-content\/uploads\/elementor\/thumbs\/droit-famille-3-r43zk8vono3tll6f0l2jysa128t9vn7uh9sy2h9ec0.png\" title=\"droit-famille-3\" alt=\"droit-famille-3\" loading=\"lazy\" \/>\t\t\t\t\t\t\t\t\t\t\t\t\t\t\t<\/div>\n\t\t\t\t<\/div>\n\t\t\t\t<div class=\"elementor-element elementor-element-16ee8f6 elementor-widget elementor-widget-heading\" data-id=\"16ee8f6\" data-element_type=\"widget\" data-widget_type=\"heading.default\">\n\t\t\t\t<div class=\"elementor-widget-container\">\n\t\t\t\t\t<h2 class=\"elementor-heading-title elementor-size-default\">Droit de la Famille<\/h2>\t\t\t\t<\/div>\n\t\t\t\t<\/div>\n\t\t\t\t<\/div>\n\t\t\t\t<div class=\"elementor-element elementor-element-ac66076 elementor-widget elementor-widget-text-editor\" data-id=\"ac66076\" data-element_type=\"widget\" data-widget_type=\"text-editor.default\">\n\t\t\t\t<div class=\"elementor-widget-container\">\n\t\t\t\t\t\t\t\t\t<p>Concernant <strong>les affaires familiales<\/strong>, nous vous accompagnons dans vos proc\u00e9dures de divorce par consentement mutuel. Nous assurons la d\u00e9fense de vos int\u00e9r\u00eats dans votre proc\u00e9dure de divorce judiciaire, s\u00e9paration de concubins, mesures relatives aux enfants (garde, pension alimentaire, droit de visite, de l&rsquo;h\u00e9bergement), adoption, op\u00e9rations de Compte liquidation partage et successions.<\/p>\t\t\t\t\t\t\t\t<\/div>\n\t\t\t\t<\/div>\n\t\t\t\t<\/div>\n\t\t<div class=\"elementor-element elementor-element-dc2beda e-con-full e-flex e-con e-child\" data-id=\"dc2beda\" data-element_type=\"container\">\n\t\t<a class=\"eael-wrapper-link-45d59fd --eael-wrapper-link-tag\" href=\"https:\/\/www.dev-sli.fr\/avocat-garnier\/droit-de-limmobilier\/\"><\/a><div data-eael-wrapper-link=\"eael-wrapper-link-45d59fd\" class=\"elementor-element elementor-element-45d59fd e-con-full e-flex e-con e-child\" data-id=\"45d59fd\" data-element_type=\"container\">\n\t\t\t\t<div class=\"elementor-element elementor-element-0ca9aa0 elementor-widget elementor-widget-image\" data-id=\"0ca9aa0\" data-element_type=\"widget\" data-widget_type=\"image.default\">\n\t\t\t\t<div class=\"elementor-widget-container\">\n\t\t\t\t\t\t\t\t\t\t\t\t\t\t\t<img decoding=\"async\" src=\"https:\/\/www.dev-sli.fr\/avocat-garnier\/wp-content\/uploads\/elementor\/thumbs\/immobilier-r458occp8fddue35flyh5y7rbjujkkrnrsxbbx73dc.png\" title=\"immobilier\" alt=\"immobilier\" loading=\"lazy\" \/>\t\t\t\t\t\t\t\t\t\t\t\t\t\t\t<\/div>\n\t\t\t\t<\/div>\n\t\t\t\t<div class=\"elementor-element elementor-element-5b54838 elementor-widget elementor-widget-heading\" data-id=\"5b54838\" data-element_type=\"widget\" data-widget_type=\"heading.default\">\n\t\t\t\t<div class=\"elementor-widget-container\">\n\t\t\t\t\t<h2 class=\"elementor-heading-title elementor-size-default\">Droit Immobilier<\/h2>\t\t\t\t<\/div>\n\t\t\t\t<\/div>\n\t\t\t\t<\/div>\n\t\t\t\t<div class=\"elementor-element elementor-element-6c0a61e elementor-widget elementor-widget-text-editor\" data-id=\"6c0a61e\" data-element_type=\"widget\" data-widget_type=\"text-editor.default\">\n\t\t\t\t<div class=\"elementor-widget-container\">\n\t\t\t\t\t\t\t\t\t<p>Nous intervenons \u00e9galement dans l&rsquo;habitation, \u00e9veil professionnel ou commercial, tous les domaines du droit immobilier :<\/p><ul><li>paiement des charges de copropri\u00e9t\u00e9 et autres contentieux de copropri\u00e9t\u00e9,<\/li><li>conflits bailleur locataire,<\/li><li>contentieux de la construction : promotion immobili\u00e8re,<\/li><li>litiges,<\/li><li>artisan,<\/li><li>vente d&rsquo;immeuble et garantie des vices cach\u00e9s,<\/li><li>assurances,<\/li><li>contrat d&rsquo;entreprise architecte et ma\u00eetre d\u2019\u0153uvre,<\/li><li>trouble de voisinage,<\/li><li>probl\u00e8me de servitude<\/li><\/ul>\t\t\t\t\t\t\t\t<\/div>\n\t\t\t\t<\/div>\n\t\t\t\t<\/div>\n\t\t<div class=\"elementor-element elementor-element-3ff0861 e-con-full e-flex e-con e-child\" data-id=\"3ff0861\" data-element_type=\"container\">\n\t\t<a class=\"eael-wrapper-link-9a1e2d8 --eael-wrapper-link-tag\" href=\"https:\/\/www.dev-sli.fr\/avocat-garnier\/droit-du-travail\/\"><\/a><div data-eael-wrapper-link=\"eael-wrapper-link-9a1e2d8\" class=\"elementor-element elementor-element-9a1e2d8 e-con-full e-flex e-con e-child\" data-id=\"9a1e2d8\" data-element_type=\"container\">\n\t\t\t\t<div class=\"elementor-element elementor-element-4e6dcca elementor-widget elementor-widget-image\" data-id=\"4e6dcca\" data-element_type=\"widget\" data-widget_type=\"image.default\">\n\t\t\t\t<div class=\"elementor-widget-container\">\n\t\t\t\t\t\t\t\t\t\t\t\t\t\t\t<img decoding=\"async\" src=\"https:\/\/www.dev-sli.fr\/avocat-garnier\/wp-content\/uploads\/elementor\/thumbs\/travail-loi-1-r458z7dk7i8o06b60az9z7jifub8invzxkbaz13bgw.png\" title=\"travail-loi-1\" alt=\"travail-loi-1\" loading=\"lazy\" \/>\t\t\t\t\t\t\t\t\t\t\t\t\t\t\t<\/div>\n\t\t\t\t<\/div>\n\t\t\t\t<div class=\"elementor-element elementor-element-8957547 elementor-widget elementor-widget-heading\" data-id=\"8957547\" data-element_type=\"widget\" data-widget_type=\"heading.default\">\n\t\t\t\t<div class=\"elementor-widget-container\">\n\t\t\t\t\t<h2 class=\"elementor-heading-title elementor-size-default\">Droit du Travail<\/h2>\t\t\t\t<\/div>\n\t\t\t\t<\/div>\n\t\t\t\t<\/div>\n\t\t\t\t<div class=\"elementor-element elementor-element-c06a324 elementor-widget elementor-widget-text-editor\" data-id=\"c06a324\" data-element_type=\"widget\" data-widget_type=\"text-editor.default\">\n\t\t\t\t<div class=\"elementor-widget-container\">\n\t\t\t\t\t\t\t\t\t<div class=\"column-3 wpb_column vc_column_container vc_col-sm-4\"><div class=\"vc_column-inner\"><div class=\"wpb_wrapper\"><div class=\"wpb_text_column wpb_content_element wpb_animate_when_almost_visible wpb_left-to-right left-to-right wpb_start_animation animated\"><div class=\"wpb_wrapper\"><p>Nous d\u00e9fendons vos droits\u00a0 dans le\u00a0<strong>domaine du droit du travail<\/strong> devant les juridictions prud\u2019homales et du droit social. Nous proposons nos prestations g\u00e9n\u00e9ralement aux entreprises, et nous pouvons aussi intervenir pour des salari\u00e9s.<\/p><\/div><\/div><\/div><\/div><\/div>\t\t\t\t\t\t\t\t<\/div>\n\t\t\t\t<\/div>\n\t\t\t\t<\/div>\n\t\t<div class=\"elementor-element elementor-element-21422b5 e-con-full e-flex e-con e-child\" data-id=\"21422b5\" data-element_type=\"container\">\n\t\t<a class=\"eael-wrapper-link-80fe5b3 --eael-wrapper-link-tag\" href=\"https:\/\/www.dev-sli.fr\/avocat-garnier\/droit-des-affaires\"><\/a><div data-eael-wrapper-link=\"eael-wrapper-link-80fe5b3\" class=\"elementor-element elementor-element-80fe5b3 e-con-full e-flex e-con e-child\" data-id=\"80fe5b3\" data-element_type=\"container\">\n\t\t\t\t<div class=\"elementor-element elementor-element-78e8577 elementor-widget elementor-widget-image\" data-id=\"78e8577\" data-element_type=\"widget\" data-widget_type=\"image.default\">\n\t\t\t\t<div class=\"elementor-widget-container\">\n\t\t\t\t\t\t\t\t\t\t\t\t\t\t\t<img decoding=\"async\" src=\"https:\/\/www.dev-sli.fr\/avocat-garnier\/wp-content\/uploads\/elementor\/thumbs\/affaires-loi-r4591169hwqqkvnlc3f5tqxs0taxhh57ilzakedrdc.png\" title=\"affaires-loi\" alt=\"affaires-loi\" loading=\"lazy\" \/>\t\t\t\t\t\t\t\t\t\t\t\t\t\t\t<\/div>\n\t\t\t\t<\/div>\n\t\t\t\t<div class=\"elementor-element elementor-element-fb9b8ef elementor-widget elementor-widget-heading\" data-id=\"fb9b8ef\" data-element_type=\"widget\" data-widget_type=\"heading.default\">\n\t\t\t\t<div class=\"elementor-widget-container\">\n\t\t\t\t\t<h2 class=\"elementor-heading-title elementor-size-default\">Droit des Affaires<\/h2>\t\t\t\t<\/div>\n\t\t\t\t<\/div>\n\t\t\t\t<\/div>\n\t\t\t\t<div class=\"elementor-element elementor-element-f410f01 elementor-widget elementor-widget-text-editor\" data-id=\"f410f01\" data-element_type=\"widget\" data-widget_type=\"text-editor.default\">\n\t\t\t\t<div class=\"elementor-widget-container\">\n\t\t\t\t\t\t\t\t\t<div class=\"wpb_text_column wpb_content_element wpb_animate_when_almost_visible wpb_right-to-left right-to-left wpb_start_animation animated\"><div class=\"wpb_wrapper\"><p>Nous proposons aux entreprises et aux artisans un service complet en Droit des Affaires (contentieux de recouvrement, litiges fournisseurs, baux commerciaux, sous-traitance&#8230;).<\/p><\/div><\/div>\t\t\t\t\t\t\t\t<\/div>\n\t\t\t\t<\/div>\n\t\t\t\t<\/div>\n\t\t<div class=\"elementor-element elementor-element-1aa2e28 e-con-full e-flex e-con e-child\" data-id=\"1aa2e28\" data-element_type=\"container\">\n\t\t<a class=\"eael-wrapper-link-ed0597a --eael-wrapper-link-tag\" href=\"https:\/\/www.dev-sli.fr\/avocat-garnier\/droit-administratif\"><\/a><div data-eael-wrapper-link=\"eael-wrapper-link-ed0597a\" class=\"elementor-element elementor-element-ed0597a e-con-full e-flex e-con e-child\" data-id=\"ed0597a\" data-element_type=\"container\">\n\t\t\t\t<div class=\"elementor-element elementor-element-7b0c883 elementor-widget elementor-widget-image\" data-id=\"7b0c883\" data-element_type=\"widget\" data-widget_type=\"image.default\">\n\t\t\t\t<div class=\"elementor-widget-container\">\n\t\t\t\t\t\t\t\t\t\t\t\t\t\t\t<img loading=\"lazy\" decoding=\"async\" width=\"200\" height=\"200\" src=\"https:\/\/www.dev-sli.fr\/avocat-garnier\/wp-content\/uploads\/2025\/04\/droit-administratif.png\" class=\"attachment-large size-large wp-image-654\" alt=\"\" srcset=\"https:\/\/www.dev-sli.fr\/avocat-garnier\/wp-content\/uploads\/2025\/04\/droit-administratif.png 200w, https:\/\/www.dev-sli.fr\/avocat-garnier\/wp-content\/uploads\/2025\/04\/droit-administratif-150x150.png 150w, https:\/\/www.dev-sli.fr\/avocat-garnier\/wp-content\/uploads\/2025\/04\/elementor\/thumbs\/droit-administratif-r45945yvaxzzzokribhgg3eeh6ho7r0f8olf8hcqls.png 120w\" sizes=\"(max-width: 200px) 100vw, 200px\" \/>\t\t\t\t\t\t\t\t\t\t\t\t\t\t\t<\/div>\n\t\t\t\t<\/div>\n\t\t\t\t<div class=\"elementor-element elementor-element-9f9831c elementor-widget elementor-widget-heading\" data-id=\"9f9831c\" data-element_type=\"widget\" data-widget_type=\"heading.default\">\n\t\t\t\t<div class=\"elementor-widget-container\">\n\t\t\t\t\t<h2 class=\"elementor-heading-title elementor-size-default\">Droit Administratif et de l'urbanisme<\/h2>\t\t\t\t<\/div>\n\t\t\t\t<\/div>\n\t\t\t\t<\/div>\n\t\t\t\t<div class=\"elementor-element elementor-element-68acf49 elementor-widget elementor-widget-text-editor\" data-id=\"68acf49\" data-element_type=\"widget\" data-widget_type=\"text-editor.default\">\n\t\t\t\t<div class=\"elementor-widget-container\">\n\t\t\t\t\t\t\t\t\t<p>En cas de litiges et de contentieux administratifs, s\u2019appliquant aux r\u00e8gles relatives \u00e0 l\u2019organisation et \u00e0 l\u2019activit\u00e9 de l\u2019administration, les permis de construire, les PLU etc., notre Cabinet intervient pour vous accompagner dans vos d\u00e9marches judiciaires. Que vous soyez un particulier ou une collectivit\u00e9, nous sommes en mesure de vous conseiller en cette mati\u00e8re.<\/p>\t\t\t\t\t\t\t\t<\/div>\n\t\t\t\t<\/div>\n\t\t\t\t<\/div>\n\t\t\t\t<\/div>\n\t\t\t\t\t<\/div>\n\t\t\t\t<\/div>\n\t\t<div class=\"elementor-element elementor-element-acb456e e-flex e-con-boxed e-con e-parent\" data-id=\"acb456e\" data-element_type=\"container\" data-settings=\"{&quot;background_background&quot;:&quot;classic&quot;}\">\n\t\t\t\t\t<div class=\"e-con-inner\">\n\t\t\t\t\t<\/div>\n\t\t\t\t<\/div>\n\t\t\t\t<\/div>\n\t\t","protected":false},"excerpt":{"rendered":"<p>Une question ? \u00a0Contactez-nous\u00a0 04 50 35 33 33 Ma\u00eetre Fran\u00e7ois-Philippe Garnier, votre avocat \u00e0 Saint-Julien-en-Genevois et Frangy (74) Bienvenue au cabinet de Ma\u00eetre Fran\u00e7ois-Philippe GARNIER. Ma\u00eetre Fran\u00e7ois-Philippe GARNIER est \u00e0 m\u00eame de vous recevoir \u00e0 son bureau de Saint-Julien-en-Genevois ou de Frangy, tous deux situ\u00e9s en Haute-Savoie. Inscrits au barreau de Thonon-les-Bains et aupr\u00e8s [&hellip;]<\/p>\n","protected":false},"author":1,"featured_media":0,"parent":0,"menu_order":0,"comment_status":"closed","ping_status":"closed","template":"","meta":{"footnotes":""},"class_list":["post-150","page","type-page","status-publish","hentry"],"_links":{"self":[{"href":"https:\/\/www.dev-sli.fr\/avocat-garnier\/wp-json\/wp\/v2\/pages\/150","targetHints":{"allow":["GET"]}}],"collection":[{"href":"https:\/\/www.dev-sli.fr\/avocat-garnier\/wp-json\/wp\/v2\/pages"}],"about":[{"href":"https:\/\/www.dev-sli.fr\/avocat-garnier\/wp-json\/wp\/v2\/types\/page"}],"author":[{"embeddable":true,"href":"https:\/\/www.dev-sli.fr\/avocat-garnier\/wp-json\/wp\/v2\/users\/1"}],"replies":[{"embeddable":true,"href":"https:\/\/www.dev-sli.fr\/avocat-garnier\/wp-json\/wp\/v2\/comments?post=150"}],"version-history":[{"count":670,"href":"https:\/\/www.dev-sli.fr\/avocat-garnier\/wp-json\/wp\/v2\/pages\/150\/revisions"}],"predecessor-version":[{"id":1479,"href":"https:\/\/www.dev-sli.fr\/avocat-garnier\/wp-json\/wp\/v2\/pages\/150\/revisions\/1479"}],"wp:attachment":[{"href":"https:\/\/www.dev-sli.fr\/avocat-garnier\/wp-json\/wp\/v2\/media?parent=150"}],"curies":[{"name":"wp","href":"https:\/\/api.w.org\/{rel}","templated":true}]}}