{"id":160,"date":"2025-04-07T17:10:05","date_gmt":"2025-04-07T15:10:05","guid":{"rendered":"https:\/\/www.dev-sli.fr\/avocat-garnier\/?page_id=160"},"modified":"2025-08-01T09:16:07","modified_gmt":"2025-08-01T07:16:07","slug":"droit-de-limmobilier","status":"publish","type":"page","link":"https:\/\/www.dev-sli.fr\/avocat-garnier\/droit-de-limmobilier\/","title":{"rendered":"Droit de l&rsquo;immobilier"},"content":{"rendered":"\t\t<div data-elementor-type=\"wp-page\" data-elementor-id=\"160\" class=\"elementor elementor-160\">\n\t\t\t\t<div class=\"elementor-element elementor-element-b0368e8 e-flex e-con-boxed e-con e-parent\" data-id=\"b0368e8\" data-element_type=\"container\">\n\t\t\t\t\t<div class=\"e-con-inner\">\n\t\t\t\t<div class=\"elementor-element elementor-element-7ac8b58 elementor-widget elementor-widget-heading\" data-id=\"7ac8b58\" data-element_type=\"widget\" data-widget_type=\"heading.default\">\n\t\t\t\t<div class=\"elementor-widget-container\">\n\t\t\t\t\t<h1 class=\"elementor-heading-title elementor-size-default\">Avocat en droit immobilier<\/h1>\t\t\t\t<\/div>\n\t\t\t\t<\/div>\n\t\t\t\t<div class=\"elementor-element elementor-element-d030724 elementor-widget elementor-widget-text-editor\" data-id=\"d030724\" data-element_type=\"widget\" data-widget_type=\"text-editor.default\">\n\t\t\t\t<div class=\"elementor-widget-container\">\n\t\t\t\t\t\t\t\t\t<div class=\"column-1 wpb_column vc_column_container vc_col-sm-12\"><div class=\"vc_column-inner\"><div class=\"wpb_wrapper\"><div class=\"wpb_text_column wpb_content_element wpb_animate_when_almost_visible wpb_top-to-bottom top-to-bottom wpb_start_animation animated\"><div class=\"wpb_wrapper\"><p>Qu\u2019est-ce que le droit immobilier ? Le droit immobilier traite des questions relatives \u00e0 la propri\u00e9t\u00e9 et aux droits fonciers, \u00e0 la construction, \u00e0 la vente d&rsquo;immeuble ou \u00e0 la gestion de copropri\u00e9t\u00e9.<\/p><p>Nous accompagnons nos clients dans leurs projets immobiliers les plus importants. Nous vous assistons dans les affaires de bail d\u2019habitation, copropri\u00e9t\u00e9, loyers impay\u00e9s, litiges et malfa\u00e7ons, et bien d\u2019autres.<\/p><p>N\u2019h\u00e9sitez plus et faites appel \u00e0 notre cabinet.<\/p><\/div><\/div><\/div><\/div><\/div>\t\t\t\t\t\t\t\t<\/div>\n\t\t\t\t<\/div>\n\t\t\t\t\t<\/div>\n\t\t\t\t<\/div>\n\t\t<div class=\"elementor-element elementor-element-ebc1029 e-flex e-con-boxed e-con e-parent\" data-id=\"ebc1029\" data-element_type=\"container\" data-settings=\"{&quot;background_background&quot;:&quot;classic&quot;}\">\n\t\t\t\t\t<div class=\"e-con-inner\">\n\t\t\t\t\t<\/div>\n\t\t\t\t<\/div>\n\t\t<div class=\"elementor-element elementor-element-a5ac1c8 e-flex e-con-boxed e-con e-parent\" data-id=\"a5ac1c8\" data-element_type=\"container\">\n\t\t\t\t\t<div class=\"e-con-inner\">\n\t\t<div class=\"elementor-element elementor-element-6e331bc e-grid e-con-full e-con e-child\" data-id=\"6e331bc\" data-element_type=\"container\">\n\t\t<div class=\"elementor-element elementor-element-db6ec63 e-con-full e-flex e-con e-child\" data-id=\"db6ec63\" data-element_type=\"container\">\n\t\t\t\t<div class=\"elementor-element elementor-element-ddac2d1 elementor-widget elementor-widget-image\" data-id=\"ddac2d1\" data-element_type=\"widget\" data-widget_type=\"image.default\">\n\t\t\t\t<div class=\"elementor-widget-container\">\n\t\t\t\t\t\t\t\t\t\t\t\t\t\t\t<img decoding=\"async\" src=\"https:\/\/www.dev-sli.fr\/avocat-garnier\/wp-content\/uploads\/elementor\/thumbs\/immobilier-r458occo9cc8jzk5wh9jh352hoh8n6732d96estbcg.png\" title=\"immobilier\" alt=\"immobilier\" loading=\"lazy\" \/>\t\t\t\t\t\t\t\t\t\t\t\t\t\t\t<\/div>\n\t\t\t\t<\/div>\n\t\t\t\t<div class=\"elementor-element elementor-element-481f582 elementor-widget elementor-widget-heading\" data-id=\"481f582\" data-element_type=\"widget\" data-widget_type=\"heading.default\">\n\t\t\t\t<div class=\"elementor-widget-container\">\n\t\t\t\t\t<h2 class=\"elementor-heading-title elementor-size-default\">R\u00e8glements des charges et paiement des loyers<\/h2>\t\t\t\t<\/div>\n\t\t\t\t<\/div>\n\t\t\t\t<div class=\"elementor-element elementor-element-ecb0985 elementor-widget elementor-widget-text-editor\" data-id=\"ecb0985\" data-element_type=\"widget\" data-widget_type=\"text-editor.default\">\n\t\t\t\t<div class=\"elementor-widget-container\">\n\t\t\t\t\t\t\t\t\t<div class=\"wpb_text_column wpb_content_element wpb_animate_when_almost_visible wpb_right-to-left right-to-left wpb_start_animation animated\"><p>\u00a0<\/p><div class=\"wpb_wrapper\"><p>Un copropri\u00e9taire ne r\u00e8gle plus ses charges. Nous vous assistons dans les d\u00e9marches pr\u00e9contentieuse puis de recouvrement des charges.<\/p><p>Un locataire laisse ses loyers impay\u00e9s. Nous ferons les d\u00e9marches aux fins de recouvrement amiable et \u00e0 d\u00e9faut d&rsquo;expulsion.<\/p><\/div><\/div>\t\t\t\t\t\t\t\t<\/div>\n\t\t\t\t<\/div>\n\t\t\t\t<\/div>\n\t\t<div class=\"elementor-element elementor-element-c260ad4 e-con-full e-flex e-con e-child\" data-id=\"c260ad4\" data-element_type=\"container\">\n\t\t\t\t<div class=\"elementor-element elementor-element-e1b3955 elementor-widget elementor-widget-image\" data-id=\"e1b3955\" data-element_type=\"widget\" data-widget_type=\"image.default\">\n\t\t\t\t<div class=\"elementor-widget-container\">\n\t\t\t\t\t\t\t\t\t\t\t\t\t\t\t<img decoding=\"async\" src=\"https:\/\/www.dev-sli.fr\/avocat-garnier\/wp-content\/uploads\/elementor\/thumbs\/affaires-loi-r4591168itplah4lsyq84vv36xxmk2kmt6b5n9zzcg.png\" title=\"affaires-loi\" alt=\"affaires-loi\" loading=\"lazy\" \/>\t\t\t\t\t\t\t\t\t\t\t\t\t\t\t<\/div>\n\t\t\t\t<\/div>\n\t\t\t\t<div class=\"elementor-element elementor-element-d7b333e elementor-widget elementor-widget-heading\" data-id=\"d7b333e\" data-element_type=\"widget\" data-widget_type=\"heading.default\">\n\t\t\t\t<div class=\"elementor-widget-container\">\n\t\t\t\t\t<h2 class=\"elementor-heading-title elementor-size-default\">Expertise et conseils personnalis\u00e9s en droit immobilier<\/h2>\t\t\t\t<\/div>\n\t\t\t\t<\/div>\n\t\t\t\t<div class=\"elementor-element elementor-element-b20d670 elementor-widget elementor-widget-text-editor\" data-id=\"b20d670\" data-element_type=\"widget\" data-widget_type=\"text-editor.default\">\n\t\t\t\t<div class=\"elementor-widget-container\">\n\t\t\t\t\t\t\t\t\t<div class=\"wpb_text_column wpb_content_element wpb_animate_when_almost_visible wpb_right-to-left right-to-left wpb_start_animation animated\"><div class=\"wpb_wrapper\"><p>Le cabinet d&rsquo;avocats\u00a0<strong>Ma\u00eetre Fran\u00e7ois-Philippe Garnier<\/strong> peut aider les clients dans tous les aspects de l&rsquo;immobilier en difficult\u00e9. Nous sommes un cabinet d&rsquo;avocats qui peut prendre en charge toute situation relative \u00e0 l&rsquo;utilisation d&rsquo;un bien immobilier.<\/p><p>Contactez notre bureau d\u00e8s maintenant pour fixer un rendez-vous et pour profiter de notre exp\u00e9rience et de nos comp\u00e9tences en droit immobilier et r\u00e9sidentiel.<\/p><\/div><\/div>\t\t\t\t\t\t\t\t<\/div>\n\t\t\t\t<\/div>\n\t\t\t\t<\/div>\n\t\t\t\t<\/div>\n\t\t\t\t\t<\/div>\n\t\t\t\t<\/div>\n\t\t<div class=\"elementor-element elementor-element-e1b6e17 e-flex e-con-boxed e-con e-parent\" data-id=\"e1b6e17\" data-element_type=\"container\" data-settings=\"{&quot;background_background&quot;:&quot;classic&quot;}\">\n\t\t\t\t\t<div class=\"e-con-inner\">\n\t\t\t\t\t<\/div>\n\t\t\t\t<\/div>\n\t\t\t\t<\/div>\n\t\t","protected":false},"excerpt":{"rendered":"<p>Avocat en droit immobilier Qu\u2019est-ce que le droit immobilier ? Le droit immobilier traite des questions relatives \u00e0 la propri\u00e9t\u00e9 et aux droits fonciers, \u00e0 la construction, \u00e0 la vente d&rsquo;immeuble ou \u00e0 la gestion de copropri\u00e9t\u00e9. Nous accompagnons nos clients dans leurs projets immobiliers les plus importants. Nous vous assistons dans les affaires de [&hellip;]<\/p>\n","protected":false},"author":1,"featured_media":0,"parent":0,"menu_order":0,"comment_status":"closed","ping_status":"closed","template":"","meta":{"footnotes":""},"class_list":["post-160","page","type-page","status-publish","hentry"],"_links":{"self":[{"href":"https:\/\/www.dev-sli.fr\/avocat-garnier\/wp-json\/wp\/v2\/pages\/160","targetHints":{"allow":["GET"]}}],"collection":[{"href":"https:\/\/www.dev-sli.fr\/avocat-garnier\/wp-json\/wp\/v2\/pages"}],"about":[{"href":"https:\/\/www.dev-sli.fr\/avocat-garnier\/wp-json\/wp\/v2\/types\/page"}],"author":[{"embeddable":true,"href":"https:\/\/www.dev-sli.fr\/avocat-garnier\/wp-json\/wp\/v2\/users\/1"}],"replies":[{"embeddable":true,"href":"https:\/\/www.dev-sli.fr\/avocat-garnier\/wp-json\/wp\/v2\/comments?post=160"}],"version-history":[{"count":46,"href":"https:\/\/www.dev-sli.fr\/avocat-garnier\/wp-json\/wp\/v2\/pages\/160\/revisions"}],"predecessor-version":[{"id":1437,"href":"https:\/\/www.dev-sli.fr\/avocat-garnier\/wp-json\/wp\/v2\/pages\/160\/revisions\/1437"}],"wp:attachment":[{"href":"https:\/\/www.dev-sli.fr\/avocat-garnier\/wp-json\/wp\/v2\/media?parent=160"}],"curies":[{"name":"wp","href":"https:\/\/api.w.org\/{rel}","templated":true}]}}