{"id":162,"date":"2025-04-07T17:10:39","date_gmt":"2025-04-07T15:10:39","guid":{"rendered":"https:\/\/www.dev-sli.fr\/avocat-garnier\/?page_id=162"},"modified":"2025-08-01T09:29:11","modified_gmt":"2025-08-01T07:29:11","slug":"droit-des-affaires","status":"publish","type":"page","link":"https:\/\/www.dev-sli.fr\/avocat-garnier\/droit-des-affaires\/","title":{"rendered":"Droit des affaires"},"content":{"rendered":"\t\t<div data-elementor-type=\"wp-page\" data-elementor-id=\"162\" class=\"elementor elementor-162\">\n\t\t\t\t<div class=\"elementor-element elementor-element-c96655d e-flex e-con-boxed e-con e-parent\" data-id=\"c96655d\" data-element_type=\"container\">\n\t\t\t\t\t<div class=\"e-con-inner\">\n\t\t\t\t<div class=\"elementor-element elementor-element-ea31cde elementor-widget elementor-widget-heading\" data-id=\"ea31cde\" data-element_type=\"widget\" data-widget_type=\"heading.default\">\n\t\t\t\t<div class=\"elementor-widget-container\">\n\t\t\t\t\t<h1 class=\"elementor-heading-title elementor-size-default\">Votre avocat en droit des affaires en Haute-Savoie : Ma\u00eetre Garnier<\/h1>\t\t\t\t<\/div>\n\t\t\t\t<\/div>\n\t\t\t\t<div class=\"elementor-element elementor-element-cadfb0d elementor-widget elementor-widget-text-editor\" data-id=\"cadfb0d\" data-element_type=\"widget\" data-widget_type=\"text-editor.default\">\n\t\t\t\t<div class=\"elementor-widget-container\">\n\t\t\t\t\t\t\t\t\t<div class=\"wpb_text_column wpb_content_element wpb_animate_when_almost_visible wpb_top-to-bottom top-to-bottom wpb_start_animation animated\"><div class=\"wpb_wrapper\"><p class=\"\">Vous \u00eates dirigeant d\u2019entreprise en Haute Savoie\u00a0? Votre avocat <strong>Ma\u00eetre Fran\u00e7ois-Philippe Garnier<\/strong> propose\u00a0 une large gamme de services juridiques pour les entreprises de toutes tailles.<\/p><p class=\"\">Votre entreprise est confront\u00e9e \u00e0 des probl\u00e8mes trop complexes, trop longs ou lourds de responsabilit\u00e9 ? \u00c0 ce stade, la d\u00e9cision la plus sage consiste \u00e0 retenir les services d\u2019un avocat d\u2019affaires.<\/p><p class=\"\">Que ce soit une petite, moyenne ou une grande entreprise, nous vous fournissons des conseils commerciaux d\u2019experts sur de nombreuses questions et situations juridiques auxquelles votre entreprise peut \u00eatre confront\u00e9e.<\/p><p class=\"\">Nous intervenons \u00e9galement pour la r\u00e9daction des contrats. Il peut vous fournir \u00e9galement une assistance vitale dans presque tous les aspects juridiques de votre entreprise. Faites appel \u00e0 ses services !<\/p><\/div><\/div>\t\t\t\t\t\t\t\t<\/div>\n\t\t\t\t<\/div>\n\t\t\t\t\t<\/div>\n\t\t\t\t<\/div>\n\t\t<div class=\"elementor-element elementor-element-789b824 e-flex e-con-boxed e-con e-parent\" data-id=\"789b824\" data-element_type=\"container\" data-settings=\"{&quot;background_background&quot;:&quot;classic&quot;}\">\n\t\t\t\t\t<div class=\"e-con-inner\">\n\t\t\t\t\t<\/div>\n\t\t\t\t<\/div>\n\t\t<div class=\"elementor-element elementor-element-07471b3 e-flex e-con-boxed e-con e-parent\" data-id=\"07471b3\" data-element_type=\"container\">\n\t\t\t\t\t<div class=\"e-con-inner\">\n\t\t<div class=\"elementor-element elementor-element-54fd242 e-grid e-con-full e-con e-child\" data-id=\"54fd242\" data-element_type=\"container\">\n\t\t<div class=\"elementor-element elementor-element-94c8585 e-con-full e-flex e-con e-child\" data-id=\"94c8585\" data-element_type=\"container\">\n\t\t\t\t<div class=\"elementor-element elementor-element-35e8459 elementor-widget elementor-widget-image\" data-id=\"35e8459\" data-element_type=\"widget\" data-widget_type=\"image.default\">\n\t\t\t\t<div class=\"elementor-widget-container\">\n\t\t\t\t\t\t\t\t\t\t\t\t\t\t\t<img decoding=\"async\" src=\"https:\/\/www.dev-sli.fr\/avocat-garnier\/wp-content\/uploads\/elementor\/thumbs\/affaires-loi-r4591168itplah4lsyq84vv36xxmk2kmt6b5n9zzcg.png\" title=\"affaires-loi\" alt=\"affaires-loi\" loading=\"lazy\" \/>\t\t\t\t\t\t\t\t\t\t\t\t\t\t\t<\/div>\n\t\t\t\t<\/div>\n\t\t\t\t<div class=\"elementor-element elementor-element-0b024e8 elementor-widget elementor-widget-heading\" data-id=\"0b024e8\" data-element_type=\"widget\" data-widget_type=\"heading.default\">\n\t\t\t\t<div class=\"elementor-widget-container\">\n\t\t\t\t\t<h2 class=\"elementor-heading-title elementor-size-default\">Faites confiance \u00e0 un cabinet de droit des affaires en Haute-Savoie<\/h2>\t\t\t\t<\/div>\n\t\t\t\t<\/div>\n\t\t\t\t<div class=\"elementor-element elementor-element-823f9d9 elementor-widget elementor-widget-text-editor\" data-id=\"823f9d9\" data-element_type=\"widget\" data-widget_type=\"text-editor.default\">\n\t\t\t\t<div class=\"elementor-widget-container\">\n\t\t\t\t\t\t\t\t\t<div class=\"wpb_text_column wpb_content_element wpb_animate_when_almost_visible wpb_right-to-left right-to-left wpb_start_animation animated\"><div class=\"wpb_wrapper\"><p>Vous poss\u00e9dez d\u00e9j\u00e0 une entreprise ou vous envisagez de d\u00e9marrer ou d\u2019en acheter une ? Nous fournissons notre assistance<\/p><p>Nous vous aidons \u00e9galement dans le respect de vos\u00a0contrats commerciaux ou tout ce qui touche au droit des <a href=\"https:\/\/www.dev-sli.fr\/avocat-garnier\/droit-administratif\/\">contrats<\/a>.<\/p><p>Vous pouvez faire confiance \u00e0 notre cabinet d\u2019avocat pluridisciplinaire pour fournir des conseils juridiques solides et des solutions abordables pour tous les besoins de votre entreprise en droit des affaires.<\/p><\/div><\/div>\t\t\t\t\t\t\t\t<\/div>\n\t\t\t\t<\/div>\n\t\t\t\t<\/div>\n\t\t<div class=\"elementor-element elementor-element-7d24bfc e-con-full e-flex e-con e-child\" data-id=\"7d24bfc\" data-element_type=\"container\">\n\t\t\t\t<div class=\"elementor-element elementor-element-6b819e1 elementor-widget elementor-widget-image\" data-id=\"6b819e1\" data-element_type=\"widget\" data-widget_type=\"image.default\">\n\t\t\t\t<div class=\"elementor-widget-container\">\n\t\t\t\t\t\t\t\t\t\t\t\t\t\t\t<img decoding=\"async\" src=\"https:\/\/www.dev-sli.fr\/avocat-garnier\/wp-content\/uploads\/elementor\/thumbs\/travail-loi-1-r458z7dj8f7iprs6h6acacgtlyxxl9bf84n61wpjg0.png\" title=\"travail-loi-1\" alt=\"travail-loi-1\" loading=\"lazy\" \/>\t\t\t\t\t\t\t\t\t\t\t\t\t\t\t<\/div>\n\t\t\t\t<\/div>\n\t\t\t\t<div class=\"elementor-element elementor-element-d7d0438 elementor-widget elementor-widget-heading\" data-id=\"d7d0438\" data-element_type=\"widget\" data-widget_type=\"heading.default\">\n\t\t\t\t<div class=\"elementor-widget-container\">\n\t\t\t\t\t<h2 class=\"elementor-heading-title elementor-size-default\">Des services juridiques aux entreprises de A \u00e0 Z<\/h2>\t\t\t\t<\/div>\n\t\t\t\t<\/div>\n\t\t\t\t<div class=\"elementor-element elementor-element-73376d9 elementor-widget elementor-widget-text-editor\" data-id=\"73376d9\" data-element_type=\"widget\" data-widget_type=\"text-editor.default\">\n\t\t\t\t<div class=\"elementor-widget-container\">\n\t\t\t\t\t\t\t\t\t<div class=\"wpb_text_column wpb_content_element wpb_animate_when_almost_visible wpb_left-to-right left-to-right wpb_start_animation animated\"><div class=\"wpb_wrapper\"><p>Notre exp\u00e9rience approfondie dans le domaine nous a permis de nous forger une solide r\u00e9putation. Nous sommes connus pour notre capacit\u00e9 \u00e0 trouver et \u00e0 mettre en \u0153uvre des solutions appropri\u00e9es.<\/p><p>Devis non respect\u00e9, facture impay\u00e9e, recouvrement en p\u00e9ril, d\u00e9claration de cr\u00e9ance, nous sommes l\u00e0 pour vous aider.<\/p><\/div><\/div>\t\t\t\t\t\t\t\t<\/div>\n\t\t\t\t<\/div>\n\t\t\t\t<\/div>\n\t\t\t\t<\/div>\n\t\t\t\t\t<\/div>\n\t\t\t\t<\/div>\n\t\t<div class=\"elementor-element elementor-element-3292268 e-flex e-con-boxed e-con e-parent\" data-id=\"3292268\" data-element_type=\"container\" data-settings=\"{&quot;background_background&quot;:&quot;classic&quot;}\">\n\t\t\t\t\t<div class=\"e-con-inner\">\n\t\t\t\t\t<\/div>\n\t\t\t\t<\/div>\n\t\t\t\t<\/div>\n\t\t","protected":false},"excerpt":{"rendered":"<p>Votre avocat en droit des affaires en Haute-Savoie : Ma\u00eetre Garnier Vous \u00eates dirigeant d\u2019entreprise en Haute Savoie\u00a0? Votre avocat Ma\u00eetre Fran\u00e7ois-Philippe Garnier propose\u00a0 une large gamme de services juridiques pour les entreprises de toutes tailles. Votre entreprise est confront\u00e9e \u00e0 des probl\u00e8mes trop complexes, trop longs ou lourds de responsabilit\u00e9 ? \u00c0 ce stade, [&hellip;]<\/p>\n","protected":false},"author":1,"featured_media":0,"parent":0,"menu_order":0,"comment_status":"closed","ping_status":"closed","template":"","meta":{"footnotes":""},"class_list":["post-162","page","type-page","status-publish","hentry"],"_links":{"self":[{"href":"https:\/\/www.dev-sli.fr\/avocat-garnier\/wp-json\/wp\/v2\/pages\/162","targetHints":{"allow":["GET"]}}],"collection":[{"href":"https:\/\/www.dev-sli.fr\/avocat-garnier\/wp-json\/wp\/v2\/pages"}],"about":[{"href":"https:\/\/www.dev-sli.fr\/avocat-garnier\/wp-json\/wp\/v2\/types\/page"}],"author":[{"embeddable":true,"href":"https:\/\/www.dev-sli.fr\/avocat-garnier\/wp-json\/wp\/v2\/users\/1"}],"replies":[{"embeddable":true,"href":"https:\/\/www.dev-sli.fr\/avocat-garnier\/wp-json\/wp\/v2\/comments?post=162"}],"version-history":[{"count":61,"href":"https:\/\/www.dev-sli.fr\/avocat-garnier\/wp-json\/wp\/v2\/pages\/162\/revisions"}],"predecessor-version":[{"id":1452,"href":"https:\/\/www.dev-sli.fr\/avocat-garnier\/wp-json\/wp\/v2\/pages\/162\/revisions\/1452"}],"wp:attachment":[{"href":"https:\/\/www.dev-sli.fr\/avocat-garnier\/wp-json\/wp\/v2\/media?parent=162"}],"curies":[{"name":"wp","href":"https:\/\/api.w.org\/{rel}","templated":true}]}}