{"id":3,"date":"2025-03-24T14:32:53","date_gmt":"2025-03-24T13:32:53","guid":{"rendered":"https:\/\/www.dev-sli.fr\/avocat-garnier\/?page_id=3"},"modified":"2025-04-10T17:03:52","modified_gmt":"2025-04-10T15:03:52","slug":"protection-de-la-vie-privee","status":"publish","type":"page","link":"https:\/\/www.dev-sli.fr\/avocat-garnier\/protection-de-la-vie-privee\/","title":{"rendered":"Protection de la vie priv\u00e9e"},"content":{"rendered":"\t\t<div data-elementor-type=\"wp-page\" data-elementor-id=\"3\" class=\"elementor elementor-3\">\n\t\t\t\t<div class=\"elementor-element elementor-element-53a3dff7 e-con-full e-flex e-con e-parent\" data-id=\"53a3dff7\" data-element_type=\"container\">\n\t\t\t\t<div class=\"elementor-element elementor-element-26a4581a elementor-widget__width-initial elementor-widget elementor-widget-text-editor\" data-id=\"26a4581a\" data-element_type=\"widget\" data-widget_type=\"text-editor.default\">\n\t\t\t\t<div class=\"elementor-widget-container\">\n\t\t\t\t\t\t\t\t\t<h2 id=\"pri-policy-h2\"><strong>Protection de la vie priv\u00e9e<\/strong><\/h2>\n<p><!-- \/wp:heading --><\/p>\n<p><!-- wp:paragraph --><\/p>\n<p>Les donn\u00e9es personnelles communiqu\u00e9es sont n\u00e9cessaires aux fins de vous contacter. Elles sont destin\u00e9es \u00e0 l&rsquo;annonceur (ci-apr\u00e8s \u00ab l\u2019Annonceur \u00bb) et ses sous-traitants. Vous disposez de droits d\u2019acc\u00e8s, de rectification, d\u2019effacement, de portabilit\u00e9, de limitation, d\u2019opposition, de retrait de votre consentement \u00e0 tout moment et du droit d\u2019introduire une r\u00e9clamation aupr\u00e8s d\u2019une autorit\u00e9 de contr\u00f4le, ainsi que d\u2019organiser le sort de vos donn\u00e9es post-mortem. Vous pouvez exercer ces droits par voie postale \u00e0 l&rsquo;adresse de l&rsquo;annonceur, ou par courrier \u00e9lectronique \u00e0 l&rsquo;adresse mail de l&rsquo;annonceur. Un justificatif d&rsquo;identit\u00e9 pourra vous \u00eatre demand\u00e9. Nous conservons vos donn\u00e9es pendant la p\u00e9riode de prise de contact puis pendant la dur\u00e9e de prescription l\u00e9gale aux fins probatoire et de gestion des contentieux.<\/p>\n<p>Nous nous r\u00e9servons le droit de modifier \u00e0 tout moment la pr\u00e9sente page. Nous vous invitons par cons\u00e9quent \u00e0 la consulter r\u00e9guli\u00e8rement afin de vous informer de ses \u00e9volutions.<\/p>\n<p>Derni\u00e8re date de Mise \u00e0 jour : 1 Avril 2021<\/p>\n<p>&nbsp;<\/p>\n<p><!-- \/wp:paragraph --><\/p>\n<p><!-- wp:heading --><\/p>\n<h2><strong>1. Identit\u00e9 du responsable du traitement<\/strong><\/h2>\n<p>Les donn\u00e9es personnelles sont collect\u00e9es par l&rsquo;annonceur, l\u2019Annonceur du site tel qu\u2019identifi\u00e9 dans les mentions l\u00e9gales.<\/p>\n<p>&nbsp;<\/p>\n<h2><strong>2. Les traitements relatifs \u00e0 vos donn\u00e9es personnelles<\/strong><\/h2>\n<p>Notre site ne demande pas d&rsquo;enregistrement nominatif \u00e0 ses visiteurs et ne proc\u00e8de \u00e0 aucun enregistrement nominatif pour la simple consultation de ses pages.<\/p>\n<p>Cependant, dans certains cas (formulaire de contact, fonctionnalit\u00e9s de partage et modules sociaux, rubrique cr\u00e9ation de compte, paiement en ligne&#8230;), vous pouvez \u00eatre invit\u00e9 \u00e0 laisser des donn\u00e9es personnelles (noms, pr\u00e9noms, num\u00e9ros de t\u00e9l\u00e9phones, adresses postales, adresse \u00e9lectronique\u2026). Le caract\u00e8re obligatoire ou facultatif des donn\u00e9es vous est signal\u00e9 lors de la collecte par un ast\u00e9risque.<\/p>\n<p>Le cas \u00e9ch\u00e9ant, le formulaire de collecte pourra \u00eatre accompagn\u00e9 d&rsquo;une case \u00e0 cocher vous permettant d&rsquo;accepter ou de refuser que vos donn\u00e9es soient utilis\u00e9es \u00e0 des fins commerciales pour le compte de tiers, et\/ou c\u00e9d\u00e9es \u00e0 des tiers.<\/p>\n<p>Nous ne collectons aucune donn\u00e9e sensible, \u00e0 savoir aucune donn\u00e9e relative \u00e0 vos origines raciales ou ethniques, \u00e0 vos opinions politiques, philosophiques ou religieuses ou votre appartenance syndicale, ou qui sont relatives \u00e0 votre sant\u00e9 ou votre vie sexuelle.<\/p>\n<p>Par ailleurs, lors de la consultation de notre site web et de l\u2019utilisation de nos services, nous sommes amen\u00e9s \u00e0 collecter et traiter des donn\u00e9es relatives \u00e0 votre navigation (notamment les cookies, et les pages que vous avez consult\u00e9es), et \u00e0 votre terminal (type de navigateur utilis\u00e9, mod\u00e8le et version de votre syst\u00e8me d\u2019exploitation, r\u00e9solution de votre \u00e9cran, pr\u00e9sence de certains plug-ins, \u2026). Ces donn\u00e9es seront utilis\u00e9es d\u2019une part pour adapter nos contenus et services \u00e0 vos besoins, et d\u2019autre part pour r\u00e9aliser des statistiques d\u2019utilisation de nos services afin de les rendre plus pertinents.<\/p>\n<p>Avec votre consentement, nous r\u00e9aliserons \u00e9galement une g\u00e9olocalisation approximative de votre ville d\u2019origine \u00e0 partir de votre adresse IP.<\/p>\n<p>Par ailleurs, si vous ne souhaitez pas faire l\u2019objet de prospection commerciale par voie t\u00e9l\u00e9phonique, vous pouvez gratuitement vous inscrire sur une liste d\u2019opposition au d\u00e9marchage t\u00e9l\u00e9phonique (Bloctel) sur le site internet<a href=\"https:\/\/www.bloctel.gouv.fr\/\" target=\"_blank\" rel=\"noopener noreferrer\">www.bloctel.gouv.fr<\/a>, \u00e9tant pr\u00e9cis\u00e9 que l\u2019inscription sur ladite liste n\u2019est pas opposable au professionnel en cas de relations contractuelles pr\u00e9existantes.<\/p>\n<p>&nbsp;<\/p>\n<h3><strong>Quand ?<\/strong><\/h3>\n<p>Nous collectons vos donn\u00e9es notamment quand :<\/p>\n<ul>\n<li>Vous cr\u00e9ez et utilisez un compte personnel,<\/li>\n<li>Vous utilisez notre service (par exemple \u00e0 l\u2019occasion d\u2019une transaction en ligne, d\u2019une prise de rdv\u2026),<\/li>\n<li>Vous utilisez notre formulaire de contact,<\/li>\n<li>Vous naviguez sur notre site et consultez nos produits et services.<\/li>\n<\/ul>\n<p>&nbsp;<\/p>\n<h3><strong>Quelles finalit\u00e9s ?<\/strong><\/h3>\n<p>Nous utilisons vos donn\u00e9es personnelles pour :<\/p>\n<p><!-- \/wp:paragraph --><\/p>\n<table style=\"table-layout: fixed; width: 100%; margin: 50px; border-collapse: collapse; border: 1px solid #ffffff !important;\">\n<thead>\n<tr>\n<th style=\"text-align: center;\">Finalit\u00e9s<\/th>\n<th style=\"text-align: center;\">Base l\u00e9gale de traitement<\/th>\n<\/tr>\n<\/thead>\n<tbody>\n<tr>\n<td>\n<p>vous permettre d\u2019utiliser nos services;<\/p>\n<p>vous contacter pour r\u00e9pondre \u00e0 vos demandes;<\/p>\n<p>Nous permettre d\u2019\u00e9tablir des statistiques anonymes de comptage et d\u2019audience strictement n\u00e9cessaires \u00e0 la d\u00e9livrance des services;<\/p>\n<p>Assurer la s\u00e9curit\u00e9 du site;<\/p>\n<\/td>\n<td>Int\u00e9r\u00eat l\u00e9gitime<\/td>\n<\/tr>\n<tr>\n<td>vous faire b\u00e9n\u00e9ficier de nos produits et services<\/td>\n<td>Ex\u00e9cution du contrat<\/td>\n<\/tr>\n<tr>\n<td>\n<p>vous informer sur les services pour lesquels vous avez exprim\u00e9 un int\u00e9r\u00eat et qui vous sont propos\u00e9s sur notre Site;<\/p>\n<p>permettre \u00e0 nos partenaires de vous proposer des offres publicitaires en dehors de notre site en rapport avec vos centres d&rsquo;int\u00e9r\u00eat;<\/p>\n<p>vous inscrire \u00e0 une newsletter et vous envoyer des informations relatives \u00e0 nos produits et services;<\/p>\n<\/td>\n<td>Consentement<\/td>\n<\/tr>\n<tr>\n<td>\n<p>nous permettre de traiter les demandes d\u2019exercice de droits\u202f;<\/p>\n<p>nous permettre de r\u00e9pondre aux demandes officielles d\u2019autorit\u00e9s publiques ou judiciaires habilit\u00e9es \u00e0 cet effet;<\/p>\n<\/td>\n<td>Obligation l\u00e9gale<\/td>\n<\/tr>\n<\/tbody>\n<\/table>\n<p><!-- wp:heading --><\/p>\n<h3><strong>Cookies<\/strong><\/h3>\n<p>Les cookies sont des petits fichiers textes, stock\u00e9s sur votre navigateur lorsque vous consultez notre site et qui vont \u00eatre utilis\u00e9s pour reconna\u00eetre votre terminal lorsque vous vous connectez \u00e0 notre site ou \u00e0 l\u2019un de nos services.<\/p>\n<p>Pour g\u00e9rer vos choix en mati\u00e8re de d\u00e9p\u00f4t de cookies, <a>cliquez ici.<\/a><\/p>\n<p><!-- \/wp:paragraph --><\/p>\n<table style=\"table-layout: fixed; width: 100%; margin: 50px; border-collapse: collapse; border: 1px solid #ffffff !important;\">\n<thead>\n<tr>\n<th style=\"text-align: center;\">Cat\u00e9gorie de cookies<\/th>\n            <th style=\"text-align: center;\">Finalit\u00e9<\/th>\n<\/tr>\n<\/thead>\n<tbody>\n<tr>\n<td>Cookies strictement n\u00e9cessaires \u00e0 l&rsquo;utilisation du service demand\u00e9<\/td>\n<td>\n<p>Ils permettent l&rsquo;utilisation des principales fonctionnalit\u00e9s du site, comme le cas \u00e9ch\u00e9ant l&rsquo;acc\u00e8s \u00e0 votre compte personnel, ou encore de m\u00e9moriser les pr\u00e9f\u00e9rences d&rsquo;affichage de votre terminal (langue, param\u00e8tres d&rsquo;affichage) et d&rsquo;en tenir compte lors de vos visites, selon la charte graphique et les logiciels de visualisation ou de lecture de votre terminal. Ils nous permettent aussi de lier entre elles les diff\u00e9rentes pages consult\u00e9es pour vous assurer une navigation fluide.<\/p>\n<\/td>\n<\/tr>\n<tr>\n<td>Cookies de mesure d\u2019audience et de statistiques<\/td>\n<td>\n<p>Ils nous permettent de faire vivre le site et d\u2019\u00e9tablir des statistiques et comptages de fr\u00e9quentation et d\u2019utilisation de ses rubriques et contenus, pour r\u00e9aliser des \u00e9tudes afin d\u2019am\u00e9liorer le contenu (mesure du nombre de visites, de pages vues ou encore de l\u2019activit\u00e9 des visiteurs sur le site et de leur fr\u00e9quence de retour). Ils nous permettent \u00e9galement d\u2019analyser la navigation des internautes afin d\u2019am\u00e9liorer notre service ou de d\u00e9tecter des dysfonctionnements.<\/p>\n<\/td>\n<\/tr>\n<tr>\n<td>Cookies de mesure d\u2019audience et de statistiques exempt\u00e9s de consentement<\/td>\n<td>\n<p>Nous d\u00e9posons \u00e9galement des cookies de mesure d\u2019audience exempt\u00e9s de consentement gr\u00e2ce \u00e0 notre outil de mesure d\u2019audience AT Internet. Les donn\u00e9es collect\u00e9es dans ce cadre ne permettent pas de suivre votre navigation sur d\u2019autres sites tiers.<\/p>\n<p>Vous pouvez d\u00e9sactiver ces cookies exempt\u00e9s de consentement en cochant la case suivante: <input name=\"at_cookie_confirm\" type=\"checkbox\" value=\"1\" \/><\/p>\n<\/td>\n<\/tr>\n<tr>\n<td>Cookies publicitaires<\/td>\n<td>\n<p>Ils sont susceptibles d&rsquo;\u00eatre plac\u00e9s dans votre terminal, afin d&rsquo;identifier vos centres d&rsquo;int\u00e9r\u00eat au travers des produits consult\u00e9s sur notre site et de collecter des donn\u00e9es de navigation afin de personnaliser l&rsquo;offre publicitaire qui vous est adress\u00e9e en dehors de notre site, par nos partenaires.<\/p>\n<p>Pour en savoir plus sur le traitement que notre partenaire Solocal r\u00e9alise pour cette finalit\u00e9, cliquez ici : <a href=\"https:\/\/client.adhslx.com\/privacy.html\" target=\"_blank\" rel=\"noopener\">https:\/\/client.adhslx.com\/privacy.html.<\/a><\/p>\n<\/td>\n<\/tr>\n<tr>\n<td>Cookies li\u00e9s \u00e0 la lecture de vid\u00e9os<\/td>\n<td>Pour le visionnage de vid\u00e9os, nous proposons sur ce site un lecteur dont l&rsquo;utilisation entra\u00eene le d\u00e9p\u00f4t de cookies tiers par nos partenaires.<\/td>\n<\/tr>\n<\/tbody>\n<\/table>\n<p>&nbsp;<\/p>\n<div id=\"Content\">\n<div class=\"content_wrapper clearfix\">\n<div class=\"sections_group\">\n<div class=\"entry-content\">\n<div class=\"section the_content has_content\">\n<div class=\"section_wrapper\">\n<div class=\"the_content_wrapper\">\n<h3><strong>Dur\u00e9e de conservation<\/strong><\/h3>\n<p>Vos donn\u00e9es de contact sont conserv\u00e9es pendant la p\u00e9riode de prise de contact ainsi que pendant la dur\u00e9e n\u00e9cessaire \u00e0 des fins probatoires et de gestion des contentieux.<\/p>\n<p>Les donn\u00e9es relatives aux commandes et aux paiements sont conserv\u00e9es pendant la p\u00e9riode n\u00e9cessaire \u00e0 l\u2019ex\u00e9cution de la transaction ainsi que pendant la dur\u00e9e n\u00e9cessaire \u00e0 des fins probatoire et de gestion des contentieux.<\/p>\n<p>Vos donn\u00e9es de navigation sont conserv\u00e9es pendant la dur\u00e9e strictement n\u00e9cessaire \u00e0 la finalit\u00e9 du traitement consid\u00e9r\u00e9, ainsi\u202f:<\/p>\n<p>&#8211; Les informations collect\u00e9es par le biais de ces cookies et autres traceurs avec votre consentement sont conserv\u00e9es pour une dur\u00e9e ne pouvant pas exc\u00e9der 14 mois.<\/p>\n<p>&#8211; s\u2019agissant des informations collect\u00e9es par le biais de cookies et autres traceurs \u00e0 des fins de mesure d\u2019audience et analytiques et consid\u00e9r\u00e9s comme essentiels au fonctionnement du service, elles sont conserv\u00e9es pour une dur\u00e9e ne pouvant pas exc\u00e9der 25 mois.<\/p>\n<p>&nbsp;<\/p>\n<h3><strong>Vos droits<\/strong><\/h3>\n<p>Vous disposez de droits d\u2019acc\u00e8s, de rectification, d\u2019effacement, d\u2019opposition ou de limitation du traitement de vos donn\u00e9es, de retrait de votre consentement.<\/p>\n<p>Vous pouvez enfin donner des directives concernant l\u2019utilisation de vos donn\u00e9es apr\u00e8s votre d\u00e9c\u00e8s.<\/p>\n<p>Vous pouvez exercer ces droits :<\/p>\n<ol>\n<li>Aupr\u00e8s de l\u2019Annonceur en utilisant les coordonn\u00e9es indiqu\u00e9es ci-dessus ou \u00e0 d\u00e9faut dans les mentions l\u00e9gales.<\/li>\n<li>En ce qui concerne le traitement de donn\u00e9es permettant de vous afficher des publicit\u00e9s cibl\u00e9es : les droits peuvent \u00eatre exerc\u00e9s aupr\u00e8s de notre prestataire Solocal via la page suivante : <a href=\"https:\/\/client.adhslx.com\/privacy.html\" target=\"_blank\" rel=\"noopener\">https:\/\/client.adhslx.com\/privacy.html<\/a><\/li>\n<\/ol>\n<p>ou par courrier postal :<\/p>\n<p>Solocal \u2013 DPO sites,<br \/>Direction juridique &#8211; 204,<br \/>Rond-point du Pont de S\u00e8vres<br \/>92649 Boulogne-Billancourt Cedex<\/p>\n<p>Un justificatif d\u2019identit\u00e9 pourra vous \u00eatre demand\u00e9.<\/p>\n<p>Vous avez \u00e9galement le droit d\u2019introduire une r\u00e9clamation \u00e0 notre encontre aupr\u00e8s de l\u2019autorit\u00e9 de contr\u00f4le.<\/p>\n<p>&nbsp;<\/p>\n<\/div>\n<\/div>\n<\/div>\n<div class=\"section section-page-footer\">\n<div class=\"section_wrapper clearfix\">\n<div class=\"column one page-pager\">\u00a0<\/div>\n<\/div>\n<\/div>\n<\/div>\n<\/div>\n<\/div>\n<\/div>\t\t\t\t\t\t\t\t<\/div>\n\t\t\t\t<\/div>\n\t\t\t\t<\/div>\n\t\t\t\t<\/div>\n\t\t","protected":false},"excerpt":{"rendered":"<p>Protection de la vie priv\u00e9e Les donn\u00e9es personnelles communiqu\u00e9es sont n\u00e9cessaires aux fins de vous contacter. Elles sont destin\u00e9es \u00e0 l&rsquo;annonceur (ci-apr\u00e8s \u00ab l\u2019Annonceur \u00bb) et ses sous-traitants. Vous disposez de droits d\u2019acc\u00e8s, de rectification, d\u2019effacement, de portabilit\u00e9, de limitation, d\u2019opposition, de retrait de votre consentement \u00e0 tout moment et du droit d\u2019introduire une r\u00e9clamation [&hellip;]<\/p>\n","protected":false},"author":1,"featured_media":0,"parent":0,"menu_order":0,"comment_status":"closed","ping_status":"closed","template":"elementor_header_footer","meta":{"footnotes":""},"class_list":["post-3","page","type-page","status-publish","hentry"],"_links":{"self":[{"href":"https:\/\/www.dev-sli.fr\/avocat-garnier\/wp-json\/wp\/v2\/pages\/3","targetHints":{"allow":["GET"]}}],"collection":[{"href":"https:\/\/www.dev-sli.fr\/avocat-garnier\/wp-json\/wp\/v2\/pages"}],"about":[{"href":"https:\/\/www.dev-sli.fr\/avocat-garnier\/wp-json\/wp\/v2\/types\/page"}],"author":[{"embeddable":true,"href":"https:\/\/www.dev-sli.fr\/avocat-garnier\/wp-json\/wp\/v2\/users\/1"}],"replies":[{"embeddable":true,"href":"https:\/\/www.dev-sli.fr\/avocat-garnier\/wp-json\/wp\/v2\/comments?post=3"}],"version-history":[{"count":125,"href":"https:\/\/www.dev-sli.fr\/avocat-garnier\/wp-json\/wp\/v2\/pages\/3\/revisions"}],"predecessor-version":[{"id":832,"href":"https:\/\/www.dev-sli.fr\/avocat-garnier\/wp-json\/wp\/v2\/pages\/3\/revisions\/832"}],"wp:attachment":[{"href":"https:\/\/www.dev-sli.fr\/avocat-garnier\/wp-json\/wp\/v2\/media?parent=3"}],"curies":[{"name":"wp","href":"https:\/\/api.w.org\/{rel}","templated":true}]}}